{"id":501,"date":"2019-06-25T20:44:56","date_gmt":"2019-06-25T18:44:56","guid":{"rendered":"https:\/\/www.bihortal.bio\/?page_id=501"},"modified":"2019-06-27T18:10:19","modified_gmt":"2019-06-27T16:10:19","slug":"qui-sommes-nous","status":"publish","type":"page","link":"https:\/\/bihortal.bio\/fr\/qui-sommes-nous\/","title":{"rendered":"Qui sommes nous"},"content":{"rendered":"<p>[vc_row css_animation=\u00a0\u00bbelement_from_right\u00a0\u00bb row_type=\u00a0\u00bbrow\u00a0\u00bb use_row_as_full_screen_section=\u00a0\u00bbno\u00a0\u00bb type=\u00a0\u00bbfull_width\u00a0\u00bb angled_section=\u00a0\u00bbno\u00a0\u00bb text_align=\u00a0\u00bbleft\u00a0\u00bb background_image_as_pattern=\u00a0\u00bbwithout_pattern\u00a0\u00bb z_index=\u00a0\u00bb\u00a0\u00bb][vc_column][qode_elements_holder number_of_columns=\u00a0\u00bbtwo_columns\u00a0\u00bb][qode_elements_holder_item advanced_animations=\u00a0\u00bbno\u00a0\u00bb item_padding=\u00a0\u00bb40px 60px 60px 60px\u00a0\u00bb][vc_column_text]<\/p>\n<h1>NOTRE HISTOIRE<\/h1>\n<p>&nbsp;<\/p>\n<p>L&rsquo;aventure commence dans la Sierra de Segura, lorsque la famille Mart\u00ednez Sede\u00f1o, qui adopte de saines habitudes alimentaires, d\u00e9cide de cultiver des aliments biologiques destin\u00e9s \u00e0 la vente directe au consommateur, en pensant avant tout au bien-\u00eatre de la population. Peu de temps apr\u00e8s, ils commencent \u00e0 faire de simples recettes maison, avec le surplus du produit cultiv\u00e9 et obtiennent d&rsquo;excellents r\u00e9sultats, ce qui les incite \u00e0 ouvrir un nouvel \u00e9pisode de leur vie et \u00e0 cr\u00e9er leur propre marque.<\/p>\n<p>&nbsp;<\/p>\n<p>C\u2019est en 1997 que commence le premier chapitre de l\u2019histoire de cette entreprise. SCA Cortijo del Gavil\u00e1n ouvre ses portes dans une petite installation situ\u00e9e \u00e0 Puente de G\u00e9nave (Ja\u00e9n), o\u00f9 elle commence \u00e0 travailler de mani\u00e8re traditionnelle avec des produits tels que le gazpacho andalou, p\u00e2t\u00e9s aux olives ou sauces tomates.[\/vc_column_text][\/qode_elements_holder_item][qode_elements_holder_item cover=\u00a0\u00bbyes\u00a0\u00bb advanced_animations=\u00a0\u00bbno\u00a0\u00bb background_image=\u00a0\u00bb325&Prime;][\/qode_elements_holder_item][\/qode_elements_holder][\/vc_column][\/vc_row][vc_row css_animation=\u00a0\u00bb\u00a0\u00bb row_type=\u00a0\u00bbrow\u00a0\u00bb use_row_as_full_screen_section=\u00a0\u00bbno\u00a0\u00bb type=\u00a0\u00bbfull_width\u00a0\u00bb angled_section=\u00a0\u00bbno\u00a0\u00bb text_align=\u00a0\u00bbleft\u00a0\u00bb background_image_as_pattern=\u00a0\u00bbwithout_pattern\u00a0\u00bb z_index=\u00a0\u00bb\u00a0\u00bb][vc_column offset=\u00a0\u00bbvc_hidden-lg vc_hidden-md vc_hidden-sm\u00a0\u00bb][vc_single_image image=\u00a0\u00bb325&Prime; img_size=\u00a0\u00bbfull\u00a0\u00bb alignment=\u00a0\u00bbcenter\u00a0\u00bb qode_css_animation=\u00a0\u00bb\u00a0\u00bb qode_hover_animation=\u00a0\u00bbzoom_in\u00a0\u00bb][\/vc_column][\/vc_row][vc_row css_animation=\u00a0\u00bbelement_from_left\u00a0\u00bb row_type=\u00a0\u00bbrow\u00a0\u00bb use_row_as_full_screen_section=\u00a0\u00bbno\u00a0\u00bb type=\u00a0\u00bbfull_width\u00a0\u00bb angled_section=\u00a0\u00bbno\u00a0\u00bb text_align=\u00a0\u00bbleft\u00a0\u00bb background_image_as_pattern=\u00a0\u00bbwithout_pattern\u00a0\u00bb z_index=\u00a0\u00bb\u00a0\u00bb][vc_column][qode_elements_holder number_of_columns=\u00a0\u00bbtwo_columns\u00a0\u00bb][qode_elements_holder_item cover=\u00a0\u00bbyes\u00a0\u00bb advanced_animations=\u00a0\u00bbno\u00a0\u00bb background_image=\u00a0\u00bb327&Prime;][\/qode_elements_holder_item][qode_elements_holder_item advanced_animations=\u00a0\u00bbno\u00a0\u00bb item_padding=\u00a0\u00bb60px 60px 60px 60px\u00a0\u00bb][vc_column_text]La plupart des clients consid\u00e8rent que les produits sont sains, artisanaux et d&rsquo;une qualit\u00e9 telle qu&rsquo;ils seraient dignes de repr\u00e9senter leur propre marque. Ils proposent donc de travailler en marque blanche et m\u00eame au-del\u00e0 pour commercialiser leurs propres recettes. C\u2019est pourquoi SCA Cortijo del Gavil\u00e1n s\u2019est engag\u00e9 depuis lors \u00e0 effectuer ce travail pour eux avec un excellent rapport qualit\u00e9-prix.<\/p>\n<p>&nbsp;<\/p>\n<p>Le deuxi\u00e8me chapitre de cette histoire commencera en 2006, lorsque le transfert de la soci\u00e9t\u00e9 deviendra imminent car les installations initiales ne permettaient pas de r\u00e9pondre aux besoins du march\u00e9. L\u2019usine d\u00e9m\u00e9nage \u00e0 Siles (Ja\u00e9n), dans le parc naturel de Sierras de Cazorla, Segura et Las Villas.<\/p>\n<p>&nbsp;<\/p>\n<p>Au d\u00e9but, seules des conserves de l\u00e9gumes seraient pr\u00e9par\u00e9es, mais au fil du temps, ceux sont incorpor\u00e9s des aliments comme la viande pour pr\u00e9parer des rago\u00fbts par exemple, les bouillons, etc., et m\u00eame les petits pots pour b\u00e9b\u00e9s.[\/vc_column_text][\/qode_elements_holder_item][\/qode_elements_holder][\/vc_column][\/vc_row][vc_row css_animation=\u00a0\u00bb\u00a0\u00bb row_type=\u00a0\u00bbrow\u00a0\u00bb use_row_as_full_screen_section=\u00a0\u00bbno\u00a0\u00bb type=\u00a0\u00bbfull_width\u00a0\u00bb angled_section=\u00a0\u00bbno\u00a0\u00bb text_align=\u00a0\u00bbleft\u00a0\u00bb background_image_as_pattern=\u00a0\u00bbwithout_pattern\u00a0\u00bb z_index=\u00a0\u00bb\u00a0\u00bb][vc_column offset=\u00a0\u00bbvc_hidden-lg vc_hidden-md vc_hidden-sm\u00a0\u00bb][vc_single_image image=\u00a0\u00bb327&Prime; img_size=\u00a0\u00bbfull\u00a0\u00bb alignment=\u00a0\u00bbcenter\u00a0\u00bb qode_css_animation=\u00a0\u00bb\u00a0\u00bb qode_hover_animation=\u00a0\u00bbzoom_in\u00a0\u00bb][\/vc_column][\/vc_row][vc_row css_animation=\u00a0\u00bbelement_from_right\u00a0\u00bb row_type=\u00a0\u00bbrow\u00a0\u00bb use_row_as_full_screen_section=\u00a0\u00bbno\u00a0\u00bb type=\u00a0\u00bbfull_width\u00a0\u00bb angled_section=\u00a0\u00bbno\u00a0\u00bb text_align=\u00a0\u00bbleft\u00a0\u00bb background_image_as_pattern=\u00a0\u00bbwithout_pattern\u00a0\u00bb z_index=\u00a0\u00bb\u00a0\u00bb][vc_column][qode_elements_holder number_of_columns=\u00a0\u00bbtwo_columns\u00a0\u00bb][qode_elements_holder_item advanced_animations=\u00a0\u00bbno\u00a0\u00bb item_padding=\u00a0\u00bb60px 60px 60px 60px\u00a0\u00bb][vc_column_text]Un nouveau chapitre voit le jour en 2017, avec un nouveau changement d&rsquo;installations n\u00e9cessaire pour l&rsquo;expansion de toute l&rsquo;infrastructure. De cette fa\u00e7on, ils permettent d&rsquo;am\u00e9liorer les \u00e9laborations et d&rsquo;avoir une plus grande communication pour le transport des produits, raison pour laquelle la soci\u00e9t\u00e9 est re\u00e7ue \u00e0 Santisteban del Puerto (Ja\u00e9n).<\/p>\n<p>&nbsp;<\/p>\n<p>Depuis le premier jour de cette histoire, la famille Mart\u00ednez Sede\u00f1o a travaill\u00e9 avec la ferme conviction que la qualit\u00e9 est ce qui fid\u00e9lise nos clients. Par cons\u00e9quent, nous travaillons avec nos propres mati\u00e8res premi\u00e8res r\u00e9colt\u00e9es sur des terres avoisinantes ainsi qu&rsquo;avec des agriculteurs soigneusement s\u00e9lectionn\u00e9s qui nous fournissent un l\u00e9gume de premi\u00e8re cat\u00e9gorie.<\/p>\n<p>&nbsp;<\/p>\n<p>Nous sommes persuad\u00e9s que cette histoire a encore un grand nombre de chapitres \u00e0 \u00e9crire car, suite \u00e0 tous nos efforts, notre travail et l\u2019exp\u00e9rience acquise, nous affrontons l\u2019avenir avec un large \u00e9ventail de plats pr\u00e9par\u00e9s et conserves, dignes des palais les plus exquis.[\/vc_column_text][\/qode_elements_holder_item][qode_elements_holder_item cover=\u00a0\u00bbyes\u00a0\u00bb advanced_animations=\u00a0\u00bbno\u00a0\u00bb background_image=\u00a0\u00bb323&Prime;][\/qode_elements_holder_item][\/qode_elements_holder][\/vc_column][\/vc_row][vc_row css_animation=\u00a0\u00bb\u00a0\u00bb row_type=\u00a0\u00bbrow\u00a0\u00bb use_row_as_full_screen_section=\u00a0\u00bbno\u00a0\u00bb type=\u00a0\u00bbfull_width\u00a0\u00bb angled_section=\u00a0\u00bbno\u00a0\u00bb text_align=\u00a0\u00bbleft\u00a0\u00bb background_image_as_pattern=\u00a0\u00bbwithout_pattern\u00a0\u00bb z_index=\u00a0\u00bb\u00a0\u00bb][vc_column offset=\u00a0\u00bbvc_hidden-lg vc_hidden-md vc_hidden-sm\u00a0\u00bb][vc_single_image image=\u00a0\u00bb323&Prime; img_size=\u00a0\u00bbfull\u00a0\u00bb alignment=\u00a0\u00bbcenter\u00a0\u00bb qode_css_animation=\u00a0\u00bb\u00a0\u00bb qode_hover_animation=\u00a0\u00bbzoom_in\u00a0\u00bb][\/vc_column][\/vc_row][vc_row css_animation=\u00a0\u00bbelement_from_left\u00a0\u00bb row_type=\u00a0\u00bbrow\u00a0\u00bb use_row_as_full_screen_section=\u00a0\u00bbno\u00a0\u00bb type=\u00a0\u00bbfull_width\u00a0\u00bb angled_section=\u00a0\u00bbno\u00a0\u00bb text_align=\u00a0\u00bbleft\u00a0\u00bb background_image_as_pattern=\u00a0\u00bbwithout_pattern\u00a0\u00bb z_index=\u00a0\u00bb\u00a0\u00bb][vc_column][qode_elements_holder number_of_columns=\u00a0\u00bbtwo_columns\u00a0\u00bb][qode_elements_holder_item cover=\u00a0\u00bbyes\u00a0\u00bb advanced_animations=\u00a0\u00bbno\u00a0\u00bb background_image=\u00a0\u00bb324&Prime;][\/qode_elements_holder_item][qode_elements_holder_item advanced_animations=\u00a0\u00bbno\u00a0\u00bb item_padding=\u00a0\u00bb40px 60px 60px 60px\u00a0\u00bb][vc_column_text]<\/p>\n<h1>L&rsquo;USINE<\/h1>\n<p>&nbsp;<\/p>\n<p>SCA Cortijo del Gavil\u00e1n dispose des machines n\u00e9cessaires pour mener \u00e0 bien le processus d\u2019\u00e9laboration, en garantissant toujours la plus haute qualit\u00e9. Nos installations de plus de 1 500 m2 sont divis\u00e9es en salle de traitement, salle de stockage des r\u00e9cipients et des emballages, salle de stockage des mati\u00e8res premi\u00e8res, chambre froide et salle de stockage des produits finis.<\/p>\n<p>&nbsp;<\/p>\n<p>Toutes ces installations sont parfaitement qualifi\u00e9es pour la fabrication et l&rsquo;\u00e9laboration de nos produits, et respectent \u00e9galement toutes les r\u00e9glementations en mati\u00e8re de s\u00e9curit\u00e9 du travail ainsi que les r\u00e9glementations sanitaires en vigueur.[\/vc_column_text][\/qode_elements_holder_item][\/qode_elements_holder][\/vc_column][\/vc_row][vc_row css_animation=\u00a0\u00bb\u00a0\u00bb row_type=\u00a0\u00bbrow\u00a0\u00bb use_row_as_full_screen_section=\u00a0\u00bbno\u00a0\u00bb type=\u00a0\u00bbfull_width\u00a0\u00bb angled_section=\u00a0\u00bbno\u00a0\u00bb text_align=\u00a0\u00bbleft\u00a0\u00bb background_image_as_pattern=\u00a0\u00bbwithout_pattern\u00a0\u00bb z_index=\u00a0\u00bb\u00a0\u00bb][vc_column offset=\u00a0\u00bbvc_hidden-lg vc_hidden-md vc_hidden-sm\u00a0\u00bb][vc_single_image image=\u00a0\u00bb324&Prime; img_size=\u00a0\u00bbfull\u00a0\u00bb alignment=\u00a0\u00bbcenter\u00a0\u00bb qode_css_animation=\u00a0\u00bb\u00a0\u00bb qode_hover_animation=\u00a0\u00bbzoom_in\u00a0\u00bb][\/vc_column][\/vc_row][vc_row css_animation=\u00a0\u00bbelement_from_right\u00a0\u00bb row_type=\u00a0\u00bbrow\u00a0\u00bb use_row_as_full_screen_section=\u00a0\u00bbno\u00a0\u00bb type=\u00a0\u00bbfull_width\u00a0\u00bb angled_section=\u00a0\u00bbno\u00a0\u00bb text_align=\u00a0\u00bbleft\u00a0\u00bb background_image_as_pattern=\u00a0\u00bbwithout_pattern\u00a0\u00bb z_index=\u00a0\u00bb\u00a0\u00bb][vc_column][qode_elements_holder number_of_columns=\u00a0\u00bbtwo_columns\u00a0\u00bb][qode_elements_holder_item advanced_animations=\u00a0\u00bbno\u00a0\u00bb item_padding=\u00a0\u00bb40px 60px 60px 60px\u00a0\u00bb][vc_column_text]<\/p>\n<h1>BIHORTAL<\/h1>\n<p>&nbsp;<\/p>\n<p>Bihortal est une marque de notre soci\u00e9t\u00e9 sp\u00e9cialis\u00e9e dans la production et la commercialisation de produits biologiques. Notre vaste catalogue de produits se distingue par sa production artisanale et l&rsquo;utilisation de mati\u00e8res premi\u00e8res de premi\u00e8re qualit\u00e9. Des ingr\u00e9dients naturels, des recettes traditionnelles et beaucoup de patience ont abouti \u00e0 des produits d\u2019exceptionnelle qualit\u00e9, respectant les normes de qualit\u00e9 les plus strictes.<\/p>\n<p>&nbsp;<\/p>\n<p>Nous consid\u00e9rons que la base de nos recettes est le bon \u00e9quilibre entre un mode de production traditionnel et la qualit\u00e9 des mati\u00e8res premi\u00e8res. Tout cela, assaisonn\u00e9 de l&rsquo;amour et de la sagesse la plus traditionnelle pour offrir un produit unique par sa saveur et sa texture.<\/p>\n<p>&nbsp;<\/p>\n<p>Nos produits sont certifi\u00e9s par le CAAE conform\u00e9ment au r\u00e8glement (CE) n \u00b0 834\/2007 qui r\u00e9git la m\u00e9thode de production \u00e9cologique. Ils portent \u00e9galement les labels AB (Agriculture Biologique) et BIO-SIEGEL.[\/vc_column_text][\/qode_elements_holder_item][qode_elements_holder_item cover=\u00a0\u00bbyes\u00a0\u00bb advanced_animations=\u00a0\u00bbno\u00a0\u00bb background_image=\u00a0\u00bb326&Prime;][\/qode_elements_holder_item][\/qode_elements_holder][\/vc_column][\/vc_row][vc_row css_animation=\u00a0\u00bb\u00a0\u00bb row_type=\u00a0\u00bbrow\u00a0\u00bb use_row_as_full_screen_section=\u00a0\u00bbno\u00a0\u00bb type=\u00a0\u00bbfull_width\u00a0\u00bb angled_section=\u00a0\u00bbno\u00a0\u00bb text_align=\u00a0\u00bbleft\u00a0\u00bb background_image_as_pattern=\u00a0\u00bbwithout_pattern\u00a0\u00bb z_index=\u00a0\u00bb\u00a0\u00bb][vc_column offset=\u00a0\u00bbvc_hidden-lg vc_hidden-md vc_hidden-sm\u00a0\u00bb][vc_single_image image=\u00a0\u00bb326&Prime; img_size=\u00a0\u00bbfull\u00a0\u00bb alignment=\u00a0\u00bbcenter\u00a0\u00bb qode_css_animation=\u00a0\u00bb\u00a0\u00bb qode_hover_animation=\u00a0\u00bbzoom_in\u00a0\u00bb][\/vc_column][\/vc_row][vc_row css_animation=\u00a0\u00bb\u00a0\u00bb row_type=\u00a0\u00bbrow\u00a0\u00bb use_row_as_full_screen_section=\u00a0\u00bbno\u00a0\u00bb type=\u00a0\u00bbfull_width\u00a0\u00bb angled_section=\u00a0\u00bbno\u00a0\u00bb text_align=\u00a0\u00bbleft\u00a0\u00bb background_image_as_pattern=\u00a0\u00bbwithout_pattern\u00a0\u00bb][vc_column][vc_empty_space height=\u00a0\u00bb30px\u00a0\u00bb][\/vc_column][\/vc_row][vc_row css_animation=\u00a0\u00bbelement_from_bottom\u00a0\u00bb row_type=\u00a0\u00bbrow\u00a0\u00bb use_row_as_full_screen_section=\u00a0\u00bbno\u00a0\u00bb type=\u00a0\u00bbfull_width\u00a0\u00bb angled_section=\u00a0\u00bbno\u00a0\u00bb text_align=\u00a0\u00bbleft\u00a0\u00bb background_image_as_pattern=\u00a0\u00bbwithout_pattern\u00a0\u00bb z_index=\u00a0\u00bb\u00a0\u00bb][vc_column][vc_single_image image=\u00a0\u00bb161&Prime; img_size=\u00a0\u00bbfull\u00a0\u00bb alignment=\u00a0\u00bbcenter\u00a0\u00bb qode_css_animation=\u00a0\u00bb\u00a0\u00bb][\/vc_column][\/vc_row]<\/p>\n","protected":false},"excerpt":{"rendered":"<p>[vc_row css_animation=\u00a0\u00bbelement_from_right\u00a0\u00bb row_type=\u00a0\u00bbrow\u00a0\u00bb use_row_as_full_screen_section=\u00a0\u00bbno\u00a0\u00bb type=\u00a0\u00bbfull_width\u00a0\u00bb angled_section=\u00a0\u00bbno\u00a0\u00bb text_align=\u00a0\u00bbleft\u00a0\u00bb background_image_as_pattern=\u00a0\u00bbwithout_pattern\u00a0\u00bb z_index=\u00a0\u00bb\u00a0\u00bb][vc_column][qode_elements_holder number_of_columns=\u00a0\u00bbtwo_columns\u00a0\u00bb][qode_elements_holder_item advanced_animations=\u00a0\u00bbno\u00a0\u00bb item_padding=\u00a0\u00bb40px 60px 60px 60px\u00a0\u00bb][vc_column_text] NOTRE HISTOIRE &nbsp; L&rsquo;aventure commence dans la Sierra de Segura, lorsque la famille Mart\u00ednez Sede\u00f1o, qui adopte de saines habitudes alimentaires, d\u00e9cide de cultiver des aliments biologiques destin\u00e9s \u00e0 la&#8230;<\/p>\n","protected":false},"author":2,"featured_media":0,"parent":0,"menu_order":0,"comment_status":"closed","ping_status":"closed","template":"full_width.php","meta":{"footnotes":""},"class_list":["post-501","page","type-page","status-publish","hentry"],"yoast_head":"<!-- This site is optimized with the Yoast SEO plugin v26.5 - https:\/\/yoast.com\/wordpress\/plugins\/seo\/ -->\n<title>Qui\u00e9nes Somos | Bihortal.bio<\/title>\n<meta name=\"description\" content=\"En Bihortal.bio, somos apasionados por la naturaleza y la sostenibilidad.Descubre qui\u00e9nes somos, nuestra historia y compromiso con lo org\u00e1nico\" \/>\n<meta name=\"robots\" content=\"index, follow, max-snippet:-1, max-image-preview:large, max-video-preview:-1\" \/>\n<link rel=\"canonical\" href=\"https:\/\/bihortal.bio\/quienes-somos\/\" \/>\n<meta property=\"og:locale\" content=\"fr_FR\" \/>\n<meta property=\"og:type\" content=\"article\" \/>\n<meta property=\"og:title\" content=\"Qui\u00e9nes Somos | Bihortal.bio\" \/>\n<meta property=\"og:description\" content=\"En Bihortal.bio, somos apasionados por la naturaleza y la sostenibilidad.Descubre qui\u00e9nes somos, nuestra historia y compromiso con lo org\u00e1nico\" \/>\n<meta property=\"og:url\" content=\"https:\/\/bihortal.bio\/quienes-somos\/\" \/>\n<meta property=\"og:site_name\" content=\"Bihortal\" \/>\n<meta property=\"article:modified_time\" content=\"2019-06-27T16:10:19+00:00\" \/>\n<meta name=\"twitter:card\" content=\"summary_large_image\" \/>\n<meta name=\"twitter:label1\" content=\"Dur\u00e9e de lecture estim\u00e9e\" \/>\n\t<meta name=\"twitter:data1\" content=\"8 minutes\" \/>\n<script type=\"application\/ld+json\" class=\"yoast-schema-graph\">{\"@context\":\"https:\/\/schema.org\",\"@graph\":[{\"@type\":\"WebPage\",\"@id\":\"https:\/\/bihortal.bio\/quienes-somos\/\",\"url\":\"https:\/\/bihortal.bio\/quienes-somos\/\",\"name\":\"Qui\u00e9nes Somos | Bihortal.bio\",\"isPartOf\":{\"@id\":\"https:\/\/bihortal.bio\/en\/#website\"},\"datePublished\":\"2019-06-25T18:44:56+00:00\",\"dateModified\":\"2019-06-27T16:10:19+00:00\",\"description\":\"En Bihortal.bio, somos apasionados por la naturaleza y la sostenibilidad.Descubre qui\u00e9nes somos, nuestra historia y compromiso con lo org\u00e1nico\",\"breadcrumb\":{\"@id\":\"https:\/\/bihortal.bio\/quienes-somos\/#breadcrumb\"},\"inLanguage\":\"fr-FR\",\"potentialAction\":[{\"@type\":\"ReadAction\",\"target\":[\"https:\/\/bihortal.bio\/quienes-somos\/\"]}]},{\"@type\":\"BreadcrumbList\",\"@id\":\"https:\/\/bihortal.bio\/quienes-somos\/#breadcrumb\",\"itemListElement\":[{\"@type\":\"ListItem\",\"position\":1,\"name\":\"Portada\",\"item\":\"https:\/\/bihortal.bio\/fr\/\"},{\"@type\":\"ListItem\",\"position\":2,\"name\":\"Qui sommes nous\"}]},{\"@type\":\"WebSite\",\"@id\":\"https:\/\/bihortal.bio\/en\/#website\",\"url\":\"https:\/\/bihortal.bio\/en\/\",\"name\":\"Bihortal\",\"description\":\"Conservas ecol\u00f3gicas de calidad\",\"potentialAction\":[{\"@type\":\"SearchAction\",\"target\":{\"@type\":\"EntryPoint\",\"urlTemplate\":\"https:\/\/bihortal.bio\/en\/?s={search_term_string}\"},\"query-input\":{\"@type\":\"PropertyValueSpecification\",\"valueRequired\":true,\"valueName\":\"search_term_string\"}}],\"inLanguage\":\"fr-FR\"}]}<\/script>\n<!-- \/ Yoast SEO plugin. -->","yoast_head_json":{"title":"Qui\u00e9nes Somos | Bihortal.bio","description":"En Bihortal.bio, somos apasionados por la naturaleza y la sostenibilidad.Descubre qui\u00e9nes somos, nuestra historia y compromiso con lo org\u00e1nico","robots":{"index":"index","follow":"follow","max-snippet":"max-snippet:-1","max-image-preview":"max-image-preview:large","max-video-preview":"max-video-preview:-1"},"canonical":"https:\/\/bihortal.bio\/quienes-somos\/","og_locale":"fr_FR","og_type":"article","og_title":"Qui\u00e9nes Somos | Bihortal.bio","og_description":"En Bihortal.bio, somos apasionados por la naturaleza y la sostenibilidad.Descubre qui\u00e9nes somos, nuestra historia y compromiso con lo org\u00e1nico","og_url":"https:\/\/bihortal.bio\/quienes-somos\/","og_site_name":"Bihortal","article_modified_time":"2019-06-27T16:10:19+00:00","twitter_card":"summary_large_image","twitter_misc":{"Dur\u00e9e de lecture estim\u00e9e":"8 minutes"},"schema":{"@context":"https:\/\/schema.org","@graph":[{"@type":"WebPage","@id":"https:\/\/bihortal.bio\/quienes-somos\/","url":"https:\/\/bihortal.bio\/quienes-somos\/","name":"Qui\u00e9nes Somos | Bihortal.bio","isPartOf":{"@id":"https:\/\/bihortal.bio\/en\/#website"},"datePublished":"2019-06-25T18:44:56+00:00","dateModified":"2019-06-27T16:10:19+00:00","description":"En Bihortal.bio, somos apasionados por la naturaleza y la sostenibilidad.Descubre qui\u00e9nes somos, nuestra historia y compromiso con lo org\u00e1nico","breadcrumb":{"@id":"https:\/\/bihortal.bio\/quienes-somos\/#breadcrumb"},"inLanguage":"fr-FR","potentialAction":[{"@type":"ReadAction","target":["https:\/\/bihortal.bio\/quienes-somos\/"]}]},{"@type":"BreadcrumbList","@id":"https:\/\/bihortal.bio\/quienes-somos\/#breadcrumb","itemListElement":[{"@type":"ListItem","position":1,"name":"Portada","item":"https:\/\/bihortal.bio\/fr\/"},{"@type":"ListItem","position":2,"name":"Qui sommes nous"}]},{"@type":"WebSite","@id":"https:\/\/bihortal.bio\/en\/#website","url":"https:\/\/bihortal.bio\/en\/","name":"Bihortal","description":"Conservas ecol\u00f3gicas de calidad","potentialAction":[{"@type":"SearchAction","target":{"@type":"EntryPoint","urlTemplate":"https:\/\/bihortal.bio\/en\/?s={search_term_string}"},"query-input":{"@type":"PropertyValueSpecification","valueRequired":true,"valueName":"search_term_string"}}],"inLanguage":"fr-FR"}]}},"_links":{"self":[{"href":"https:\/\/bihortal.bio\/fr\/wp-json\/wp\/v2\/pages\/501","targetHints":{"allow":["GET"]}}],"collection":[{"href":"https:\/\/bihortal.bio\/fr\/wp-json\/wp\/v2\/pages"}],"about":[{"href":"https:\/\/bihortal.bio\/fr\/wp-json\/wp\/v2\/types\/page"}],"author":[{"embeddable":true,"href":"https:\/\/bihortal.bio\/fr\/wp-json\/wp\/v2\/users\/2"}],"replies":[{"embeddable":true,"href":"https:\/\/bihortal.bio\/fr\/wp-json\/wp\/v2\/comments?post=501"}],"version-history":[{"count":7,"href":"https:\/\/bihortal.bio\/fr\/wp-json\/wp\/v2\/pages\/501\/revisions"}],"predecessor-version":[{"id":526,"href":"https:\/\/bihortal.bio\/fr\/wp-json\/wp\/v2\/pages\/501\/revisions\/526"}],"wp:attachment":[{"href":"https:\/\/bihortal.bio\/fr\/wp-json\/wp\/v2\/media?parent=501"}],"curies":[{"name":"wp","href":"https:\/\/api.w.org\/{rel}","templated":true}]}}