{"id":787,"date":"2019-07-02T19:54:24","date_gmt":"2019-07-02T17:54:24","guid":{"rendered":"https:\/\/www.bihortal.bio\/?page_id=787"},"modified":"2019-07-09T20:27:21","modified_gmt":"2019-07-09T18:27:21","slug":"wer-sind-wir","status":"publish","type":"page","link":"https:\/\/bihortal.bio\/de\/wer-sind-wir\/","title":{"rendered":"Wer sind wir"},"content":{"rendered":"<p>[vc_row css_animation=&#8220;element_from_right&#8220; row_type=&#8220;row&#8220; use_row_as_full_screen_section=&#8220;no&#8220; type=&#8220;full_width&#8220; angled_section=&#8220;no&#8220; text_align=&#8220;left&#8220; background_image_as_pattern=&#8220;without_pattern&#8220; z_index=&#8220;&#8220;][vc_column][qode_elements_holder number_of_columns=&#8220;two_columns&#8220;][qode_elements_holder_item advanced_animations=&#8220;no&#8220; item_padding=&#8220;40px 60px 60px 60px&#8220;][vc_column_text]<\/p>\n<h1>UNSERE GESCHICHTE<\/h1>\n<p>&nbsp;<\/p>\n<p>Das Abenteuer beginnt in der Sierra de Segura, als sich die Familie Mart\u00ednez Sede\u00f1o mit gesunden Ern\u00e4hrungsgewohnheiten dazu entschied, Bio-Lebensmittel zum direkten Verkauf an den Verbraucher anzubauen und vor allem \u00fcber das Wohlergehen der Menschen nachzudenken. Kurz nachdem sie anfangen, einfache hausgemachte Rezepte zuzubereiten, wobei der \u00dcberschuss des Produkts gewachsen ist und hervorragende Ergebnisse erzielt werden, ist dies Grund genug, sie dazu zu motivieren, eine neue Episode in ihrem Leben zu er\u00f6ffnen und ihre eigene Industrie zu gr\u00fcnden.<\/p>\n<p>&nbsp;<\/p>\n<p>1997 beginnt das erste Kapitel der Geschichte dieses Unternehmens. SCA Cortijo del Gavil\u00e1n \u00f6ffnet seine T\u00fcren in einem kleinen Geb\u00e4ude in Puente de G\u00e9nave (Ja\u00e9n), wo es anf\u00e4ngt, auf handwerkliche Weise mit Produkten wie andalusischem Gazpacho , Olivenpasteten oder Tomatensaucen zu arbeiten.[\/vc_column_text][\/qode_elements_holder_item][qode_elements_holder_item cover=&#8220;yes&#8220; advanced_animations=&#8220;no&#8220; background_image=&#8220;325&#8243;][\/qode_elements_holder_item][\/qode_elements_holder][\/vc_column][\/vc_row][vc_row css_animation=&#8220;&#8220; row_type=&#8220;row&#8220; use_row_as_full_screen_section=&#8220;no&#8220; type=&#8220;full_width&#8220; angled_section=&#8220;no&#8220; text_align=&#8220;left&#8220; background_image_as_pattern=&#8220;without_pattern&#8220; z_index=&#8220;&#8220;][vc_column offset=&#8220;vc_hidden-lg vc_hidden-md vc_hidden-sm&#8220;][vc_single_image image=&#8220;325&#8243; img_size=&#8220;full&#8220; alignment=&#8220;center&#8220; qode_css_animation=&#8220;&#8220; qode_hover_animation=&#8220;zoom_in&#8220;][\/vc_column][\/vc_row][vc_row css_animation=&#8220;element_from_left&#8220; row_type=&#8220;row&#8220; use_row_as_full_screen_section=&#8220;no&#8220; type=&#8220;full_width&#8220; angled_section=&#8220;no&#8220; text_align=&#8220;left&#8220; background_image_as_pattern=&#8220;without_pattern&#8220; z_index=&#8220;&#8220;][vc_column][qode_elements_holder number_of_columns=&#8220;two_columns&#8220;][qode_elements_holder_item cover=&#8220;yes&#8220; advanced_animations=&#8220;no&#8220; background_image=&#8220;327&#8243;][\/qode_elements_holder_item][qode_elements_holder_item advanced_animations=&#8220;no&#8220; item_padding=&#8220;60px 60px 60px 60px&#8220;][vc_column_text]Die meisten Kunden w\u00fcrden die Produkte als gesund und von so hoher Qualit\u00e4t einsch\u00e4tzen, dass sie es wert w\u00e4ren, ihre eigene Marke zu repr\u00e4sentieren. Sie schlagen daher vor, mit White Label zu arbeiten und sogar dar\u00fcber hinaus, um ihre eigenen Rezepte zu vermarkten. Aus diesem Grund hat sich SCA Cortijo del Gavil\u00e1n seitdem dazu entschlossen, diese Arbeit mit einem Mindestbestellwert und zu hervorragenden Preis-Leistungs-Verh\u00e4ltnissen f\u00fcr sie auszuf\u00fchren.<\/p>\n<p>&nbsp;<\/p>\n<p>Das zweite Kapitel dieser Geschichte beginnt im Jahr 2006, als der Transfer des Unternehmens unmittelbar bevorsteht, da die urspr\u00fcnglichen Einrichtungen nicht den Bed\u00fcrfnissen des Marktes entsprechen. Deswegen zieht die Fabrik nach Siles (Ja\u00e9n) in den Naturpark Sierras de Cazorla, Segura und Las Villas.<\/p>\n<p>&nbsp;<\/p>\n<p>Zu Beginn wurden nur Gem\u00fcsekonserven zubereitet, aber im Laufe der Zeit wurden die entsprechenden Produktionsprotokolle erweitert, um mit Fleisch, wie Eint\u00f6pfen, Br\u00fchen usw., und sogar Babynahrung arbeiten zu k\u00f6nnen.[\/vc_column_text][\/qode_elements_holder_item][\/qode_elements_holder][\/vc_column][\/vc_row][vc_row css_animation=&#8220;&#8220; row_type=&#8220;row&#8220; use_row_as_full_screen_section=&#8220;no&#8220; type=&#8220;full_width&#8220; angled_section=&#8220;no&#8220; text_align=&#8220;left&#8220; background_image_as_pattern=&#8220;without_pattern&#8220; z_index=&#8220;&#8220;][vc_column offset=&#8220;vc_hidden-lg vc_hidden-md vc_hidden-sm&#8220;][vc_single_image image=&#8220;327&#8243; img_size=&#8220;full&#8220; alignment=&#8220;center&#8220; qode_css_animation=&#8220;&#8220; qode_hover_animation=&#8220;zoom_in&#8220;][\/vc_column][\/vc_row][vc_row css_animation=&#8220;element_from_right&#8220; row_type=&#8220;row&#8220; use_row_as_full_screen_section=&#8220;no&#8220; type=&#8220;full_width&#8220; angled_section=&#8220;no&#8220; text_align=&#8220;left&#8220; background_image_as_pattern=&#8220;without_pattern&#8220; z_index=&#8220;&#8220;][vc_column][qode_elements_holder number_of_columns=&#8220;two_columns&#8220;][qode_elements_holder_item advanced_animations=&#8220;no&#8220; item_padding=&#8220;60px 60px 60px 60px&#8220;][vc_column_text]Eine neue Reise beginnt 2017 mit einem weiteren Anlagewechsel, der zu einer besseren Infrastruktur, Verarbeitung und Logistik f\u00fchrt. Somit wird die Firma in Santisteban der Puerto (Ja\u00e9n) willkommen geheissen.<\/p>\n<p>&nbsp;<\/p>\n<p>Seit dem ersten Tag arbeitet die Familie Mart\u00ednez Sede\u00f1o mit der festen \u00dcberzeugung dass die Qualit\u00e4t ihrer Produkte, der Grund f\u00fcr die Treue ihrer Kunden ist. Deshalb arbeiten sie mit Produkten aus der Region und mit sorgf\u00e4ltig ausgew\u00e4hlten Landwirtschaftlichen Betrieben.<\/p>\n<p>&nbsp;<\/p>\n<p>Wir vertrauen darauf, dass diese Geschichte noch viel mehr Kapitel zu schreiben hat. Dank der Anstrengung, der Arbeit und der Erfahrung steht der Firma in Zukunft ein breiter Warenkatalog zur Verf\u00fcgung, der jedem Feinschmecker w\u00fcrdig ist.[\/vc_column_text][\/qode_elements_holder_item][qode_elements_holder_item cover=&#8220;yes&#8220; advanced_animations=&#8220;no&#8220; background_image=&#8220;323&#8243;][\/qode_elements_holder_item][\/qode_elements_holder][\/vc_column][\/vc_row][vc_row css_animation=&#8220;&#8220; row_type=&#8220;row&#8220; use_row_as_full_screen_section=&#8220;no&#8220; type=&#8220;full_width&#8220; angled_section=&#8220;no&#8220; text_align=&#8220;left&#8220; background_image_as_pattern=&#8220;without_pattern&#8220; z_index=&#8220;&#8220;][vc_column offset=&#8220;vc_hidden-lg vc_hidden-md vc_hidden-sm&#8220;][vc_single_image image=&#8220;323&#8243; img_size=&#8220;full&#8220; alignment=&#8220;center&#8220; qode_css_animation=&#8220;&#8220; qode_hover_animation=&#8220;zoom_in&#8220;][\/vc_column][\/vc_row][vc_row css_animation=&#8220;element_from_left&#8220; row_type=&#8220;row&#8220; use_row_as_full_screen_section=&#8220;no&#8220; type=&#8220;full_width&#8220; angled_section=&#8220;no&#8220; text_align=&#8220;left&#8220; background_image_as_pattern=&#8220;without_pattern&#8220; z_index=&#8220;&#8220;][vc_column][qode_elements_holder number_of_columns=&#8220;two_columns&#8220;][qode_elements_holder_item cover=&#8220;yes&#8220; advanced_animations=&#8220;no&#8220; background_image=&#8220;324&#8243;][\/qode_elements_holder_item][qode_elements_holder_item advanced_animations=&#8220;no&#8220; item_padding=&#8220;40px 60px 60px 60px&#8220;][vc_column_text]<\/p>\n<h1>DIEFABRIK<\/h1>\n<p>&nbsp;<\/p>\n<p>In SCA Cortijo del Gavil\u00e1n verf\u00fcgen wir \u00fcber die notwendigen Maschinen zur Durchf\u00fchrung des Ausarbeitungsprozesses, wobei stets h\u00f6chste Qualit\u00e4t garantiert wird. Unsere 1.500 m2 grosse Anlage, ist in einen Verarbeitungsraum, einen Lagerraum f\u00fcr Beh\u00e4lter und Verpackungen, einen Lagerraum f\u00fcr Rohstoffe, einen K\u00fchlraum und einen Lagerraum f\u00fcr Fertigprodukte unterteilt.<\/p>\n<p>&nbsp;<\/p>\n<p>Alle diese Einrichtungen eignen sich hervorragend f\u00fcr die Herstellung und Veredelung unserer Produkte, wobei auch alle Arbeitsschutzvorschriften sowie die geltenden Hygienevorschriften eingehalten werden.[\/vc_column_text][\/qode_elements_holder_item][\/qode_elements_holder][\/vc_column][\/vc_row][vc_row css_animation=&#8220;&#8220; row_type=&#8220;row&#8220; use_row_as_full_screen_section=&#8220;no&#8220; type=&#8220;full_width&#8220; angled_section=&#8220;no&#8220; text_align=&#8220;left&#8220; background_image_as_pattern=&#8220;without_pattern&#8220; z_index=&#8220;&#8220;][vc_column offset=&#8220;vc_hidden-lg vc_hidden-md vc_hidden-sm&#8220;][vc_single_image image=&#8220;324&#8243; img_size=&#8220;full&#8220; alignment=&#8220;center&#8220; qode_css_animation=&#8220;&#8220; qode_hover_animation=&#8220;zoom_in&#8220;][\/vc_column][\/vc_row][vc_row css_animation=&#8220;element_from_right&#8220; row_type=&#8220;row&#8220; use_row_as_full_screen_section=&#8220;no&#8220; type=&#8220;full_width&#8220; angled_section=&#8220;no&#8220; text_align=&#8220;left&#8220; background_image_as_pattern=&#8220;without_pattern&#8220; z_index=&#8220;&#8220;][vc_column][qode_elements_holder number_of_columns=&#8220;two_columns&#8220;][qode_elements_holder_item advanced_animations=&#8220;no&#8220; item_padding=&#8220;40px 60px 60px 60px&#8220;][vc_column_text]<\/p>\n<h1>BIHORTAL<\/h1>\n<p>&nbsp;<\/p>\n<p>Bihortal ist eine Marke unseres Unternehmens, die auf die Produktion und Vermarktung von Bio-Produkten spezialisiert ist. Unser breiter Produktekatalog zeichnet sich durch seine handwerkliche Produktion und die Verwendung von Rohstoffen h\u00f6chster Qualit\u00e4t aus. Nat\u00fcrliche Zutaten, traditionelle Rezepte und Geduld haben zu Produkten von au\u00dfergew\u00f6hnlicher Qualit\u00e4t gef\u00fchrt, die h\u00f6chste Qualit\u00e4tsstandards beibehalten.<\/p>\n<p>&nbsp;<\/p>\n<p>Es versteht sich, dass die Grundlage unserer Rezepturen das richtige Gleichgewicht zwischen einer traditionellen Produktionsweise und der Qualit\u00e4t der Rohstoffe hat. All dies, gew\u00fcrzt mit Liebe, Tradition und Handwerklicher Fertigkeit, ergeben ein\u00a0 einzigartiges Produkt in Textur und Geschmack.<\/p>\n<p>&nbsp;<\/p>\n<p>Unsere Produkte sind von der CAAE nach der Verordnung (CE) 834\/2007 zertifiziert, die die \u00f6kologische Produktionsmethode regelt. Sie haben auch die Stempel AB (Agriculture Biologique) und BIO-SIEGEL.[\/vc_column_text][\/qode_elements_holder_item][qode_elements_holder_item cover=&#8220;yes&#8220; advanced_animations=&#8220;no&#8220; background_image=&#8220;326&#8243;][\/qode_elements_holder_item][\/qode_elements_holder][\/vc_column][\/vc_row][vc_row css_animation=&#8220;&#8220; row_type=&#8220;row&#8220; use_row_as_full_screen_section=&#8220;no&#8220; type=&#8220;full_width&#8220; angled_section=&#8220;no&#8220; text_align=&#8220;left&#8220; background_image_as_pattern=&#8220;without_pattern&#8220; z_index=&#8220;&#8220;][vc_column offset=&#8220;vc_hidden-lg vc_hidden-md vc_hidden-sm&#8220;][vc_single_image image=&#8220;326&#8243; img_size=&#8220;full&#8220; alignment=&#8220;center&#8220; qode_css_animation=&#8220;&#8220; qode_hover_animation=&#8220;zoom_in&#8220;][\/vc_column][\/vc_row][vc_row css_animation=&#8220;&#8220; row_type=&#8220;row&#8220; use_row_as_full_screen_section=&#8220;no&#8220; type=&#8220;full_width&#8220; angled_section=&#8220;no&#8220; text_align=&#8220;left&#8220; background_image_as_pattern=&#8220;without_pattern&#8220;][vc_column][vc_empty_space height=&#8220;30px&#8220;][\/vc_column][\/vc_row][vc_row css_animation=&#8220;element_from_bottom&#8220; row_type=&#8220;row&#8220; use_row_as_full_screen_section=&#8220;no&#8220; type=&#8220;full_width&#8220; angled_section=&#8220;no&#8220; text_align=&#8220;left&#8220; background_image_as_pattern=&#8220;without_pattern&#8220; z_index=&#8220;&#8220;][vc_column][vc_single_image image=&#8220;161&#8243; img_size=&#8220;full&#8220; alignment=&#8220;center&#8220; qode_css_animation=&#8220;&#8220;][\/vc_column][\/vc_row]<\/p>\n","protected":false},"excerpt":{"rendered":"<p>[vc_row css_animation=&#8220;element_from_right&#8220; row_type=&#8220;row&#8220; use_row_as_full_screen_section=&#8220;no&#8220; type=&#8220;full_width&#8220; angled_section=&#8220;no&#8220; text_align=&#8220;left&#8220; background_image_as_pattern=&#8220;without_pattern&#8220; z_index=&#8220;&#8220;][vc_column][qode_elements_holder number_of_columns=&#8220;two_columns&#8220;][qode_elements_holder_item advanced_animations=&#8220;no&#8220; item_padding=&#8220;40px 60px 60px 60px&#8220;][vc_column_text] UNSERE GESCHICHTE &nbsp; Das Abenteuer beginnt in der Sierra de Segura, als sich die Familie Mart\u00ednez Sede\u00f1o mit gesunden Ern\u00e4hrungsgewohnheiten dazu entschied, Bio-Lebensmittel zum direkten Verkauf an den Verbraucher anzubauen&#8230;<\/p>\n","protected":false},"author":2,"featured_media":0,"parent":0,"menu_order":0,"comment_status":"closed","ping_status":"closed","template":"full_width.php","meta":{"footnotes":""},"class_list":["post-787","page","type-page","status-publish","hentry"],"yoast_head":"<!-- This site is optimized with the Yoast SEO plugin v26.5 - https:\/\/yoast.com\/wordpress\/plugins\/seo\/ -->\n<title>Qui\u00e9nes Somos | Bihortal.bio<\/title>\n<meta name=\"description\" content=\"En Bihortal.bio, somos apasionados por la naturaleza y la sostenibilidad.Descubre qui\u00e9nes somos, nuestra historia y compromiso con lo org\u00e1nico\" \/>\n<meta name=\"robots\" content=\"index, follow, max-snippet:-1, max-image-preview:large, max-video-preview:-1\" \/>\n<link rel=\"canonical\" href=\"https:\/\/bihortal.bio\/quienes-somos\/\" \/>\n<meta property=\"og:locale\" content=\"de_DE\" \/>\n<meta property=\"og:type\" content=\"article\" \/>\n<meta property=\"og:title\" content=\"Qui\u00e9nes Somos | Bihortal.bio\" \/>\n<meta property=\"og:description\" content=\"En Bihortal.bio, somos apasionados por la naturaleza y la sostenibilidad.Descubre qui\u00e9nes somos, nuestra historia y compromiso con lo org\u00e1nico\" \/>\n<meta property=\"og:url\" content=\"https:\/\/bihortal.bio\/quienes-somos\/\" \/>\n<meta property=\"og:site_name\" content=\"Bihortal\" \/>\n<meta property=\"article:modified_time\" content=\"2019-07-09T18:27:21+00:00\" \/>\n<meta name=\"twitter:card\" content=\"summary_large_image\" \/>\n<meta name=\"twitter:label1\" content=\"Gesch\u00e4tzte Lesezeit\" \/>\n\t<meta name=\"twitter:data1\" content=\"7\u00a0Minuten\" \/>\n<script type=\"application\/ld+json\" class=\"yoast-schema-graph\">{\"@context\":\"https:\/\/schema.org\",\"@graph\":[{\"@type\":\"WebPage\",\"@id\":\"https:\/\/bihortal.bio\/quienes-somos\/\",\"url\":\"https:\/\/bihortal.bio\/quienes-somos\/\",\"name\":\"Qui\u00e9nes Somos | Bihortal.bio\",\"isPartOf\":{\"@id\":\"https:\/\/bihortal.bio\/en\/#website\"},\"datePublished\":\"2019-07-02T17:54:24+00:00\",\"dateModified\":\"2019-07-09T18:27:21+00:00\",\"description\":\"En Bihortal.bio, somos apasionados por la naturaleza y la sostenibilidad.Descubre qui\u00e9nes somos, nuestra historia y compromiso con lo org\u00e1nico\",\"breadcrumb\":{\"@id\":\"https:\/\/bihortal.bio\/quienes-somos\/#breadcrumb\"},\"inLanguage\":\"de\",\"potentialAction\":[{\"@type\":\"ReadAction\",\"target\":[\"https:\/\/bihortal.bio\/quienes-somos\/\"]}]},{\"@type\":\"BreadcrumbList\",\"@id\":\"https:\/\/bihortal.bio\/quienes-somos\/#breadcrumb\",\"itemListElement\":[{\"@type\":\"ListItem\",\"position\":1,\"name\":\"Portada\",\"item\":\"https:\/\/bihortal.bio\/de\/\"},{\"@type\":\"ListItem\",\"position\":2,\"name\":\"Wer sind wir\"}]},{\"@type\":\"WebSite\",\"@id\":\"https:\/\/bihortal.bio\/en\/#website\",\"url\":\"https:\/\/bihortal.bio\/en\/\",\"name\":\"Bihortal\",\"description\":\"Conservas ecol\u00f3gicas de calidad\",\"potentialAction\":[{\"@type\":\"SearchAction\",\"target\":{\"@type\":\"EntryPoint\",\"urlTemplate\":\"https:\/\/bihortal.bio\/en\/?s={search_term_string}\"},\"query-input\":{\"@type\":\"PropertyValueSpecification\",\"valueRequired\":true,\"valueName\":\"search_term_string\"}}],\"inLanguage\":\"de\"}]}<\/script>\n<!-- \/ Yoast SEO plugin. -->","yoast_head_json":{"title":"Qui\u00e9nes Somos | Bihortal.bio","description":"En Bihortal.bio, somos apasionados por la naturaleza y la sostenibilidad.Descubre qui\u00e9nes somos, nuestra historia y compromiso con lo org\u00e1nico","robots":{"index":"index","follow":"follow","max-snippet":"max-snippet:-1","max-image-preview":"max-image-preview:large","max-video-preview":"max-video-preview:-1"},"canonical":"https:\/\/bihortal.bio\/quienes-somos\/","og_locale":"de_DE","og_type":"article","og_title":"Qui\u00e9nes Somos | Bihortal.bio","og_description":"En Bihortal.bio, somos apasionados por la naturaleza y la sostenibilidad.Descubre qui\u00e9nes somos, nuestra historia y compromiso con lo org\u00e1nico","og_url":"https:\/\/bihortal.bio\/quienes-somos\/","og_site_name":"Bihortal","article_modified_time":"2019-07-09T18:27:21+00:00","twitter_card":"summary_large_image","twitter_misc":{"Gesch\u00e4tzte Lesezeit":"7\u00a0Minuten"},"schema":{"@context":"https:\/\/schema.org","@graph":[{"@type":"WebPage","@id":"https:\/\/bihortal.bio\/quienes-somos\/","url":"https:\/\/bihortal.bio\/quienes-somos\/","name":"Qui\u00e9nes Somos | Bihortal.bio","isPartOf":{"@id":"https:\/\/bihortal.bio\/en\/#website"},"datePublished":"2019-07-02T17:54:24+00:00","dateModified":"2019-07-09T18:27:21+00:00","description":"En Bihortal.bio, somos apasionados por la naturaleza y la sostenibilidad.Descubre qui\u00e9nes somos, nuestra historia y compromiso con lo org\u00e1nico","breadcrumb":{"@id":"https:\/\/bihortal.bio\/quienes-somos\/#breadcrumb"},"inLanguage":"de","potentialAction":[{"@type":"ReadAction","target":["https:\/\/bihortal.bio\/quienes-somos\/"]}]},{"@type":"BreadcrumbList","@id":"https:\/\/bihortal.bio\/quienes-somos\/#breadcrumb","itemListElement":[{"@type":"ListItem","position":1,"name":"Portada","item":"https:\/\/bihortal.bio\/de\/"},{"@type":"ListItem","position":2,"name":"Wer sind wir"}]},{"@type":"WebSite","@id":"https:\/\/bihortal.bio\/en\/#website","url":"https:\/\/bihortal.bio\/en\/","name":"Bihortal","description":"Conservas ecol\u00f3gicas de calidad","potentialAction":[{"@type":"SearchAction","target":{"@type":"EntryPoint","urlTemplate":"https:\/\/bihortal.bio\/en\/?s={search_term_string}"},"query-input":{"@type":"PropertyValueSpecification","valueRequired":true,"valueName":"search_term_string"}}],"inLanguage":"de"}]}},"_links":{"self":[{"href":"https:\/\/bihortal.bio\/de\/wp-json\/wp\/v2\/pages\/787","targetHints":{"allow":["GET"]}}],"collection":[{"href":"https:\/\/bihortal.bio\/de\/wp-json\/wp\/v2\/pages"}],"about":[{"href":"https:\/\/bihortal.bio\/de\/wp-json\/wp\/v2\/types\/page"}],"author":[{"embeddable":true,"href":"https:\/\/bihortal.bio\/de\/wp-json\/wp\/v2\/users\/2"}],"replies":[{"embeddable":true,"href":"https:\/\/bihortal.bio\/de\/wp-json\/wp\/v2\/comments?post=787"}],"version-history":[{"count":3,"href":"https:\/\/bihortal.bio\/de\/wp-json\/wp\/v2\/pages\/787\/revisions"}],"predecessor-version":[{"id":841,"href":"https:\/\/bihortal.bio\/de\/wp-json\/wp\/v2\/pages\/787\/revisions\/841"}],"wp:attachment":[{"href":"https:\/\/bihortal.bio\/de\/wp-json\/wp\/v2\/media?parent=787"}],"curies":[{"name":"wp","href":"https:\/\/api.w.org\/{rel}","templated":true}]}}